{"id":114,"date":"2012-08-25T14:10:41","date_gmt":"2012-08-25T14:10:41","guid":{"rendered":"http:\/\/letisserin.org\/?page_id=114"},"modified":"2026-07-12T17:46:38","modified_gmt":"2026-07-12T15:46:38","slug":"nos-projets-excel-en-annexe","status":"publish","type":"page","link":"https:\/\/letisserin.org\/?page_id=114","title":{"rendered":"PROJETS R\u00c9ALIS\u00c9S"},"content":{"rendered":"\n<h2 class=\"wp-block-heading\"><a href=\"https:\/\/letisserin.org\/?p=1115\">Les activit\u00e9s d\u00e9j\u00e0 r\u00e9alis\u00e9es du projet Sant\u00e9 Sexuelle et Reproductive des Filles et Femmes Vuln\u00e9rables (SSRFFV) partie 2\t<\/a><\/h2>\n\n\n\n<div class=\"wp-block-media-text alignwide\"><figure class=\"wp-block-media-text__media\"><img decoding=\"async\" src=\"https:\/\/letisserin.org\/wp-content\/uploads\/2024\/11\/image12-2-1024x766.jpg\" alt=\"\" class=\"wp-image-1201 size-full\"\/><\/figure><div class=\"wp-block-media-text__content\">\n<p>1 \u2013 Organisation d\u2019un atelier pour d\u00e9velopper des outils de communication inclusifs Un consultant a \u00e9t\u00e9 retenu pour concevoir les outils de communication inclusifs. Les termes de r\u00e9f\u00e9rence l\u2019ont orient\u00e9 dans la conception des outils tels les posters, les d\u00e9pliants, les boites \u00e0 images, les kakemonos. A l\u2019issu de la conception, un atelier de deux \u2026 <a href=\"https:\/\/letisserin.org\/?p=1115\">Lire la suite<\/a><\/p>\n\n\n\n<p><\/p>\n<\/div><\/div>\n\n\n\n<p><\/p>\n\n\n\n<h2 class=\"wp-block-heading\"><a href=\"https:\/\/letisserin.org\/?p=1109\">Les activit\u00e9s d\u00e9j\u00e0 r\u00e9alis\u00e9es du projet Sant\u00e9 Sexuelle et  Reproductive des Filles et Femmes Vuln\u00e9rables (SSRFFV) \u2013 partie 1 <\/a><\/h2>\n\n\n\n<div class=\"wp-block-media-text alignwide\"><figure class=\"wp-block-media-text__media\"><img decoding=\"async\" src=\"https:\/\/letisserin.org\/wp-content\/uploads\/2024\/11\/Doulougou-2.jpg\" alt=\"\" class=\"wp-image-1199 size-full\"\/><\/figure><div class=\"wp-block-media-text__content\">\n<p>1 \u2013 Prise de contact avec les autorit\u00e9s Avant le d\u00e9marrage des activit\u00e9s du projet Sant\u00e9 Sexuelle et reproductive des Filles et femmes Vuln\u00e9rables, Nous avons effectu\u00e9 des rencontres avec les autorit\u00e9s administratives des Cinq (05) communes de mise en \u0153uvre. Il s\u2019agit des Directeurs provinciaux de l\u2019action sociale, les chefs de services communaux de \u2026 <a href=\"https:\/\/letisserin.org\/?p=1109\">lire la suite<\/a><\/p>\n<\/div><\/div>\n\n\n\n<p><\/p>\n\n\n\n<h2 class=\"wp-block-heading\"><a href=\"https:\/\/letisserin.org\/?p=1120\">Pr\u00e9sentation des activit\u00e9s du projet Sant\u00e9 Sexuelle et Reproductive des Filles et Femmes Vuln\u00e9rables (SSRFFV) <\/a><\/h2>\n\n\n\n<div class=\"wp-block-media-text alignwide\" style=\"grid-template-columns:40% auto\"><figure class=\"wp-block-media-text__media\"><img decoding=\"async\" src=\"https:\/\/letisserin.org\/wp-content\/uploads\/2024\/11\/photo-de-famille-kombissiri-ipelce-doulougou-2-1024x768.jpg\" alt=\"\" class=\"wp-image-1198 size-full\"\/><\/figure><div class=\"wp-block-media-text__content\">\n<p>R\u00e9sum\u00e9 du projet Titre du projet&nbsp;: Promotion de la sant\u00e9 sexuelle et reproductive des filles et femmes vuln\u00e9rables Partenaire financier : Organisme priv\u00e9 allemand africa action \/ Deutschland e.V. (aaD) Dur\u00e9e du projet : 01.11.2023 \u2013 30.04.2026 Zone d\u2019intervention&nbsp;: les communes de Doulougou, Kombissiri, Koubri, Ip\u00e9lc\u00e9 et Saaba Cibles&nbsp;: filles et femmes en situation de \u2026 <a href=\"https:\/\/letisserin.org\/?p=1120\">lire la suite<\/a><\/p>\n<\/div><\/div>\n\n\n\n<p><\/p>\n\n\n\n<h2 class=\"wp-block-heading\"><a href=\"https:\/\/letisserin.org\/?p=1088\">Projet \u00ab\u00a0Etude de base du Programme Sant\u00e9 sexuelle et reproductive des filles et femmes exclues\u00a0\u00bb<\/a><\/h2>\n\n\n\n<p>Dans le cadre de ses interventions, l\u2019<strong><em>Association Le Tisserin pour la protection et la promotion des personnes vuln\u00e9rables et d\u00e9favoris\u00e9es en Afrique de l\u2019Ouest<\/em><\/strong> met en \u0153uvre un programme d\u00e9nomm\u00e9 \u00ab\u00a0sant\u00e9 sexuelle et reproductive des filles et femmes handicap\u00e9es\u00a0\u00bb avec le soutien financier de <strong>Africa Action.<\/strong> L\u2019association vient d\u2019obtenir un financement avec l\u2019ONG Allemande <strong>Africa Action <\/strong>pour la r\u00e9alisation d\u2019un projet d\u00e9nomm\u00e9 <em><strong>\u00ab\u00a0Etude de base sur la sant\u00e9 des filles et femmes vuln\u00e9rables et exclues\u00a0\u00bb<\/strong><\/em>. Cet financement est destin\u00e9 \u00e0 la r\u00e9alisation de l\u2019\u00e9tude de base cit\u00e9e dans l\u2019intitul\u00e9 du projet et servira comme projet pilote \u00e0 <strong>Africa Action <\/strong>pour la soumission d\u2019une proposition sur un programme global sur la sant\u00e9 des filles et femmes exclues et vuln\u00e9rables&#8230;<a href=\"https:\/\/letisserin.org\/?p=1088\"> lire la suite<\/a><\/p>\n\n\n\n<p><\/p>\n\n\n\n<h2 class=\"wp-block-heading\"><a href=\"https:\/\/letisserin.org\/?p=1008\">Distribution de vivre et sensibilisation sur le covid-19<\/a><\/h2>\n\n\n\n<div class=\"wp-block-media-text is-stacked-on-mobile\" style=\"grid-template-columns:29% auto\"><figure class=\"wp-block-media-text__media\"><img loading=\"lazy\" decoding=\"async\" width=\"767\" height=\"1024\" src=\"https:\/\/letisserin.org\/wp-content\/uploads\/2026\/07\/WhatsApp-Image-2020-06-11-at-14.48.57-1-767x1024-1.jpeg\" alt=\"\" class=\"wp-image-1806 size-full\" srcset=\"https:\/\/letisserin.org\/wp-content\/uploads\/2026\/07\/WhatsApp-Image-2020-06-11-at-14.48.57-1-767x1024-1.jpeg 767w, https:\/\/letisserin.org\/wp-content\/uploads\/2026\/07\/WhatsApp-Image-2020-06-11-at-14.48.57-1-767x1024-1-225x300.jpeg 225w, https:\/\/letisserin.org\/wp-content\/uploads\/2026\/07\/WhatsApp-Image-2020-06-11-at-14.48.57-1-767x1024-1-624x833.jpeg 624w\" sizes=\"auto, (max-width: 767px) 100vw, 767px\" \/><\/figure><div class=\"wp-block-media-text__content\">\n<p>Dans le cadre de la protection et l\u2019accompagnement des enfants et jeunes handicap\u00e9s, Le Tisserin a poursuivi ses s\u00e9ances de sensibilisation sur le covid-19 et de distribution de vivres les 29 et 30 mai 2020 \u00e0 son si\u00e8ge \u00e0 un total de soixante parents&#8230;<a href=\"https:\/\/letisserin.org\/?p=1008\">lire la suite<\/a><\/p>\n\n\n\n<p><\/p>\n\n\n\n<p><\/p>\n\n\n\n<p><\/p>\n<\/div><\/div>\n\n\n\n<h2 class=\"wp-block-heading\"><a href=\"https:\/\/letisserin.org\/?p=998\">Protection et accompagnement des enfants et jeunes handicap\u00e9s<\/a><\/h2>\n\n\n\n<div class=\"wp-block-media-text is-stacked-on-mobile\" style=\"grid-template-columns:29% auto\"><figure class=\"wp-block-media-text__media\"><img loading=\"lazy\" decoding=\"async\" width=\"767\" height=\"1024\" src=\"https:\/\/letisserin.org\/wp-content\/uploads\/2026\/07\/WhatsApp-Image-2020-04-17-at-16.40.35-767x1024-1.jpeg\" alt=\"Don de vivre \u00e0 une b\u00e9n\u00e9ficiaire\" class=\"wp-image-1791 size-full\" srcset=\"https:\/\/letisserin.org\/wp-content\/uploads\/2026\/07\/WhatsApp-Image-2020-04-17-at-16.40.35-767x1024-1.jpeg 767w, https:\/\/letisserin.org\/wp-content\/uploads\/2026\/07\/WhatsApp-Image-2020-04-17-at-16.40.35-767x1024-1-225x300.jpeg 225w, https:\/\/letisserin.org\/wp-content\/uploads\/2026\/07\/WhatsApp-Image-2020-04-17-at-16.40.35-767x1024-1-624x833.jpeg 624w\" sizes=\"auto, (max-width: 767px) 100vw, 767px\" \/><\/figure><div class=\"wp-block-media-text__content\">\n<p>Dans le cadre de ses activit\u00e9s de protection et d\u2019accompagnement des enfants et jeunes handicap\u00e9s, Le tisserin a apport\u00e9 un appui en vivre aux parents vuln\u00e9rables. Tenant compte du contexte de la pand\u00e9mie du Covid-19, l\u2019association le TISSERIN a saisi l\u2019occasion de la r\u00e9union des parents tenue le 11 avril 2020 pour faire passer des messages de sensibilisation et d\u2019information sur la maladie li\u00e9e au COVID-19. Au total trente-deux (32) parents ont pris part&#8230;<a href=\"https:\/\/letisserin.org\/?p=998\"> lire la suite<\/a><\/p>\n\n\n\n<p><\/p>\n<\/div><\/div>\n\n\n\n<p><\/p>\n\n\n\n<h2 class=\"wp-block-heading\"><a href=\"https:\/\/letisserin.org\/?p=984\">ENABLEMENT est une initiative n\u00e9erlandaise, sp\u00e9cialis\u00e9e dans la r\u00e9adaptation \u00e0 base communautaire (RBC) et le d\u00e9veloppement inclusif pour les personnes handicap\u00e9es (DID en anglais). Le d\u00e9veloppement des capacit\u00e9s, la recherche et l\u2019innovation sont au c\u0153ur de notre travail. ENABLEMENT est une entreprise qui fonctionne sans but lucratif.<\/a><\/h2>\n\n\n\n<p>ENABLEMENT a d\u00e9velopp\u00e9 l\u2019application t\u00e9l\u00e9phonique RehApp Mobile. Elle est disponible gratuitement pour les agents de terrain dans les pays \u00e0 revenu faible et interm\u00e9diaire et vise \u00e0 renforcer leur capacit\u00e9 \u00e0 travailler avec des personnes handicap\u00e9es au sein de leur communaut\u00e9 afin : d\u2019\u00e9valuer leurs capacit\u00e9s et incapacit\u00e9s, de mettre en place des interventions de r\u00e9adaptation, de fournir des soins, du soutien et d\u2019orienter de mani\u00e8re appropri\u00e9e&#8230;<a href=\"https:\/\/letisserin.org\/?p=984\">lire la suite<\/a><\/p>\n\n\n\n<p><\/p>\n\n\n\n<h4 class=\"wp-block-heading\"><a href=\"https:\/\/letisserin.org\/?p=941\">Projet renforcement des capacit\u00e9s des m\u00e8res, soignants et tutrices d\u2019enfants handicap\u00e9s Formation des parents d\u2019enfants atteints de la paralysie c\u00e9r\u00e9brale sur le module test \u00ab Solidarit\u00e9 et Appartenance. \u00bb du London School of Hygiene and Tropical Medicine<\/a><\/h4>\n\n\n\n<div class=\"wp-block-media-text alignwide\" style=\"grid-template-columns:28% auto\"><figure class=\"wp-block-media-text__media\"><img decoding=\"async\" src=\"https:\/\/letisserin.org\/wp-content\/uploads\/2019\/10\/Photo-3-de-famille-formation-parents-juillet-2019-2-1024x768.jpg\" alt=\"photo des participants \u00e0 la formation\" class=\"wp-image-946 size-full\"\/><\/figure><div class=\"wp-block-media-text__content\">\n<p style=\"font-size:12px\"> Le mardi 30 et le mercredi 31 juillet 2019, s\u2019est tenue dans la salle de r\u00e9union de l&rsquo;Association Le Tisserin les travaux de formation des parents d\u2019enfants atteints de la paralysie c\u00e9r\u00e9brale sur le test module \u00ab&nbsp;TOGETHERNESS AND BELONGING&nbsp;(Solidarit\u00e9 et Appartenance)&nbsp;\u00bb d\u00e9velopp\u00e9 par le London School of Hygiene and Tropical Medicine en collaboration avec ses partenaires Burkinab\u00e8 Groupe ACCES, l\u2019Institut des Sciences des Soci\u00e9t\u00e9s et OCADES Caritas Burkina. Cette formation a regroup\u00e9 les m\u00e8res d\u2019enfants atteints de la paralysie c\u00e9r\u00e9brale, les facilitateurs, les superviseurs et un membre du Tisserin.  <a href=\"https:\/\/letisserin.org\/?p=941\"> lire la suite<\/a><\/p>\n<\/div><\/div>\n\n\n\n<div style=\"height:28px\" aria-hidden=\"true\" class=\"wp-block-spacer\"><\/div>\n\n\n\n<h4 class=\"wp-block-heading\"><a href=\"https:\/\/letisserin.org\/?p=828\">Projet renforcement des capacit\u00e9s des m\u00e8res, soignants et tutrices d\u2019enfants handicap\u00e9s<\/a><\/h4>\n\n\n\n<div class=\"wp-block-media-text alignwide\" style=\"grid-template-columns:15% auto\"><figure class=\"wp-block-media-text__media\"><img decoding=\"async\" src=\"https:\/\/letisserin.org\/wp-content\/uploads\/2018\/05\/Image4.png\" alt=\"couverture du livre aide aux enfants handicap\u00e9s\" class=\"wp-image-829 size-full\"\/><\/figure><div class=\"wp-block-media-text__content\">\n<p style=\"font-size:12px\">L&rsquo;Association Le Tisserin cherche \u00e0 organiser 6 formations de parents des enfants handicapes cette ann\u00e9e. Les parents sont g\u00e9n\u00e9ralement les premiers responsables de la prise en charge des enfants souffrant de paralysies c\u00e9r\u00e9brale dans les pays \u00e0 faible revenu, mais ont souvent peu acc\u00e8s au soutien, aux services ou \u00e0 des formations sur la prise en charge de leurs enfants&#8230;<a href=\"https:\/\/letisserin.org\/?p=828\">lire la suite<\/a><\/p>\n\n\n\n<p style=\"font-size:12px\"><\/p>\n<\/div><\/div>\n\n\n\n<div style=\"height:20px\" aria-hidden=\"true\" class=\"wp-block-spacer\"><\/div>\n\n\n\n<h4 class=\"wp-block-heading\"><a href=\"https:\/\/letisserin.org\/?p=1046\"><strong>Jeudi 14&nbsp;ao\u00fbt&nbsp;2014 lancement des activit\u00e9s de d\u00e9pistage des maladies handicapantes chez les&nbsp;enfants de 0 \u00e0 6 ans dans le cadre du \u00ab&nbsp;projet de prise en charge pr\u00e9coce des enfants vivant avec un handicap dans le 9<sup>\u00e8me<\/sup> arrondissement de la commune de Ouagadougou&nbsp;\u00bb<\/strong> <\/a><\/h4>\n\n\n\n<div class=\"wp-block-media-text alignwide\" style=\"grid-template-columns:33% auto\"><figure class=\"wp-block-media-text__media\"><img decoding=\"async\" src=\"https:\/\/letisserin.org\/wp-content\/uploads\/2014\/08\/100_2749-web.jpg\" alt=\"photo des b\u00e9n\u00e9ficiaires\" class=\"wp-image-401 size-full\"\/><\/figure><div class=\"wp-block-media-text__content\">\n<p style=\"font-size:12px\"> Le 12 mai 2014, un accord de coop\u00e9ration a \u00e9t\u00e9 sign\u00e9 entre le Fonds des Nations Unies pour l\u2019Enfance (UNICEF) et l&rsquo;Association Le Tisserin pour la prise en charge pr\u00e9coce des enfants vivant avec un handicap dans le 9\u00e8me arrondissement de la commune de Ouagadougou, le lancement des activit\u00e9s de d\u00e9pistage des maladies handicapantes chez les enfants de 0 \u00e0 6 ans aura lieu ce jeudi 14 ao\u00fbt dans l\u2019enceinte du Centre de Sant\u00e9 et de promotion sociale (CSPS) de Pazani, secteur 38.<\/p>\n\n\n\n<p style=\"font-size:12px\"><a href=\"https:\/\/letisserin.org\/partenariat-unicef-burkina-faso-avec-le-tisserin\/\">li<\/a><a href=\"https:\/\/letisserin.org\/?p=1046\">re la suite<\/a>  <\/p>\n<\/div><\/div>\n\n\n\n<p><\/p>\n","protected":false},"excerpt":{"rendered":"<p>Les activit\u00e9s d\u00e9j\u00e0 r\u00e9alis\u00e9es du projet Sant\u00e9 Sexuelle et Reproductive des Filles et Femmes Vuln\u00e9rables (SSRFFV) partie 2 1 \u2013 Organisation d\u2019un atelier pour d\u00e9velopper des outils de communication inclusifs Un consultant a \u00e9t\u00e9 retenu pour concevoir les outils de communication inclusifs. Les termes de r\u00e9f\u00e9rence l\u2019ont orient\u00e9 dans la conception des outils tels les [&hellip;]<\/p>\n","protected":false},"author":1,"featured_media":0,"parent":0,"menu_order":0,"comment_status":"closed","ping_status":"closed","template":"","meta":{"footnotes":""},"class_list":["post-114","page","type-page","status-publish","hentry"],"_links":{"self":[{"href":"https:\/\/letisserin.org\/index.php?rest_route=\/wp\/v2\/pages\/114","targetHints":{"allow":["GET"]}}],"collection":[{"href":"https:\/\/letisserin.org\/index.php?rest_route=\/wp\/v2\/pages"}],"about":[{"href":"https:\/\/letisserin.org\/index.php?rest_route=\/wp\/v2\/types\/page"}],"author":[{"embeddable":true,"href":"https:\/\/letisserin.org\/index.php?rest_route=\/wp\/v2\/users\/1"}],"replies":[{"embeddable":true,"href":"https:\/\/letisserin.org\/index.php?rest_route=%2Fwp%2Fv2%2Fcomments&post=114"}],"version-history":[{"count":42,"href":"https:\/\/letisserin.org\/index.php?rest_route=\/wp\/v2\/pages\/114\/revisions"}],"predecessor-version":[{"id":1813,"href":"https:\/\/letisserin.org\/index.php?rest_route=\/wp\/v2\/pages\/114\/revisions\/1813"}],"wp:attachment":[{"href":"https:\/\/letisserin.org\/index.php?rest_route=%2Fwp%2Fv2%2Fmedia&parent=114"}],"curies":[{"name":"wp","href":"https:\/\/api.w.org\/{rel}","templated":true}]}}